{"id":109,"date":"2020-05-17T19:36:50","date_gmt":"2020-05-17T19:36:50","guid":{"rendered":"https:\/\/demosites.io\/yoga-studio-gb\/?page_id=109"},"modified":"2025-06-17T22:26:18","modified_gmt":"2025-06-17T20:26:18","slug":"84647-classes","status":"publish","type":"page","link":"https:\/\/neoballet.ch\/?page_id=109","title":{"rendered":"Cours et Cotisations 2025\/2026"},"content":{"rendered":"\n<div id=\"wp-block-themeisle-blocks-advanced-columns-de58857b\" class=\"wp-block-themeisle-blocks-advanced-columns alignfull has-1-columns has-desktop-equal-layout has-tablet-equal-layout has-mobile-equal-layout has-vertical-unset\"><div class=\"wp-block-themeisle-blocks-advanced-columns-overlay\"><\/div><div class=\"innerblocks-wrap\">\n<div id=\"wp-block-themeisle-blocks-advanced-column-f2953736\" class=\"wp-block-themeisle-blocks-advanced-column\">\n<div id=\"wp-block-themeisle-blocks-font-awesome-icons-5e38cfed\" class=\"wp-block-themeisle-blocks-font-awesome-icons\"><span class=\"wp-block-themeisle-blocks-font-awesome-icons-container\"><i class=\"fas fa-spa\"><\/i><\/span><\/div>\n\n\n\n<h1 id=\"wp-block-themeisle-blocks-advanced-heading-7665c6b9\" class=\"wp-block-themeisle-blocks-advanced-heading wp-block-themeisle-blocks-advanced-heading-7665c6b9\">Modern-Jazz <\/h1>\n\n\n\n<h1 id=\"wp-block-themeisle-blocks-advanced-heading-76f07b88\" class=\"wp-block-themeisle-blocks-advanced-heading wp-block-themeisle-blocks-advanced-heading-76f07b88\">Ballet<\/h1>\n<\/div>\n<\/div><\/div>\n\n\n\n<div id=\"wp-block-themeisle-blocks-advanced-columns-e791a706\" class=\"wp-block-themeisle-blocks-advanced-columns alignfull has-2-columns has-desktop-equal-layout has-tablet-equal-layout has-mobile-collapsedRows-layout has-vertical-unset has-light-bg\"><div class=\"wp-block-themeisle-blocks-advanced-columns-overlay\"><\/div><div class=\"innerblocks-wrap\">\n<div id=\"wp-block-themeisle-blocks-advanced-column-7d6af005\" class=\"wp-block-themeisle-blocks-advanced-column\">\n<div style=\"height:208px\" aria-hidden=\"true\" class=\"wp-block-spacer\"><\/div>\n<\/div>\n\n\n\n<div id=\"wp-block-themeisle-blocks-advanced-column-6ffd9acd\" class=\"wp-block-themeisle-blocks-advanced-column has-light-bg\">\n<h2 class=\"wp-block-heading has-text-align-center\">Modern-Jazz<\/h2>\n\n\n\n<div id=\"wp-block-themeisle-blocks-advanced-columns-81a52adf\" class=\"wp-block-themeisle-blocks-advanced-columns has-1-columns has-desktop-equal-layout has-tablet-equal-layout has-mobile-collapsedRows-layout has-vertical-unset\"><div class=\"wp-block-themeisle-blocks-advanced-columns-overlay\"><\/div><div class=\"innerblocks-wrap\">\n<div id=\"wp-block-themeisle-blocks-advanced-column-fc95cbac\" class=\"wp-block-themeisle-blocks-advanced-column\">\n<div id=\"wp-block-themeisle-blocks-icon-list-a4cccc25\" class=\"wp-block-themeisle-blocks-icon-list is-style-horizontal\">\n<div id=\"wp-block-themeisle-blocks-icon-list-item-3e0f5329\" class=\"wp-block-themeisle-blocks-icon-list-item\"><i class=\"far fa-calendar-check wp-block-themeisle-blocks-icon-list-item-icon-custom\"><\/i><p class=\"wp-block-themeisle-blocks-icon-list-item-content\">11<strong> cours par semaine<\/strong><\/p><\/div>\n\n\n\n<div id=\"wp-block-themeisle-blocks-icon-list-item-03bbc471\" class=\"wp-block-themeisle-blocks-icon-list-item\"><i class=\"fas fa-users wp-block-themeisle-blocks-icon-list-item-icon-custom\"><\/i><p class=\"wp-block-themeisle-blocks-icon-list-item-content\"><strong>A partir de 4 ans<\/strong><\/p><\/div>\n<\/div>\n<\/div>\n<\/div><\/div>\n\n\n\n<p class=\"has-text-align-center\">Cours de Modern-Jazz \u00e0 partir de 4 ans jusqu&#8217;aux adultes<\/p>\n\n\n\n<ul class=\"wp-block-list\">\n<li>4-5 ans : Mercredi 14:40-15:30<\/li>\n\n\n\n<li>6-8 ans : Jeudi 16:30-17:30<\/li>\n\n\n\n<li>7-10 ans : Lundi 16:30-17:30 ou Mercredi 16:30-17:30<\/li>\n\n\n\n<li>9-12 ans : Lundi 17:30-18:30<\/li>\n\n\n\n<li>Ados : Mercredi 17:30-18:30 ou Jeudi 17:30-18:30<\/li>\n\n\n\n<li>Adultes Avanc\u00e9 : Lundi 19:30-21:00 ou Jeudi 18:30-20:00<\/li>\n\n\n\n<li>Adultes Interm\u00e9diaire : Mercredi 18:30-20:00<\/li>\n\n\n\n<li>Adultes D\u00e9buttant : Mardi 18:30-20:00<\/li>\n<\/ul>\n\n\n\n<p><\/p>\n\n\n\n<p>Cotisation annuelle (possibilit\u00e9 de paiement en 3 fois)<br>Enfants : 850 CHF, Adultes : 1000 CHF<br>Vacances scolaires ou jours f\u00e9ri\u00e9s vaudois : pas de cours<\/p>\n\n\n\n<div class=\"wp-block-buttons is-horizontal is-content-justification-center is-layout-flex wp-container-core-buttons-is-layout-499968f5 wp-block-buttons-is-layout-flex\">\n<div class=\"wp-block-button\"><a class=\"wp-block-button__link has-neve-link-color-background-color has-background wp-element-button\" href=\"http:\/\/neoballet.ch\/?page_id=103\" rel=\"http:\/\/neoballet.ch\/?page_id=103\">Contact<\/a><\/div>\n<\/div>\n<\/div>\n<\/div><\/div>\n\n\n\n<div id=\"wp-block-themeisle-blocks-advanced-columns-16fac211\" class=\"wp-block-themeisle-blocks-advanced-columns alignfull has-2-columns has-desktop-equal-layout has-tablet-equal-layout has-mobile-collapsedRows-layout has-reverse-columns-mobile has-vertical-unset has-light-bg\"><div class=\"wp-block-themeisle-blocks-advanced-columns-overlay\"><\/div><div class=\"innerblocks-wrap\">\n<div id=\"wp-block-themeisle-blocks-advanced-column-ed73681d\" class=\"wp-block-themeisle-blocks-advanced-column has-light-bg\">\n<h2 class=\"wp-block-heading has-text-align-center\">Ballet<\/h2>\n\n\n\n<div id=\"wp-block-themeisle-blocks-advanced-columns-a56f7695\" class=\"wp-block-themeisle-blocks-advanced-columns has-1-columns has-desktop-equal-layout has-tablet-equal-layout has-mobile-collapsedRows-layout has-vertical-unset\"><div class=\"wp-block-themeisle-blocks-advanced-columns-overlay\"><\/div><div class=\"innerblocks-wrap\">\n<div id=\"wp-block-themeisle-blocks-advanced-column-2c1af124\" class=\"wp-block-themeisle-blocks-advanced-column\">\n<div id=\"wp-block-themeisle-blocks-icon-list-21a55a5a\" class=\"wp-block-themeisle-blocks-icon-list is-style-horizontal\">\n<div id=\"wp-block-themeisle-blocks-icon-list-item-99be1e51\" class=\"wp-block-themeisle-blocks-icon-list-item\"><i class=\"far fa-calendar-check wp-block-themeisle-blocks-icon-list-item-icon-custom\"><\/i><p class=\"wp-block-themeisle-blocks-icon-list-item-content\"><strong>4 cours par semaine<\/strong><\/p><\/div>\n\n\n\n<div id=\"wp-block-themeisle-blocks-icon-list-item-4827a42e\" class=\"wp-block-themeisle-blocks-icon-list-item\"><i class=\"fas fa-users wp-block-themeisle-blocks-icon-list-item-icon-custom\"><\/i><p class=\"wp-block-themeisle-blocks-icon-list-item-content\"><strong>A partir de 4 ans<\/strong><\/p><\/div>\n<\/div>\n<\/div>\n<\/div><\/div>\n\n\n\n<p class=\"has-text-align-center\">Cours de ballet pour enfants \u00e0 partir de 4 ans<\/p>\n\n\n\n<ul class=\"wp-block-list\">\n<li>4-5 ans : Mercredi 14:40-15:30<\/li>\n\n\n\n<li>6-8 ans : Mardi 16:30-17:30<\/li>\n\n\n\n<li>9-12 ans : Lundi 17:30-18:30<\/li>\n\n\n\n<li>Ados : Mardi 17:30-18:30<\/li>\n<\/ul>\n\n\n\n<p><\/p>\n\n\n\n<p>Cotisation annuelle (possibilit\u00e9 de paiement en 3 fois)<br>Enfants : 850 CHF, Adultes : 1000 CHF<br>Vacances scolaires ou jours f\u00e9ri\u00e9s vaudois : pas de cours<\/p>\n\n\n\n<div class=\"wp-block-buttons is-horizontal is-content-justification-center is-layout-flex wp-container-core-buttons-is-layout-499968f5 wp-block-buttons-is-layout-flex\">\n<div class=\"wp-block-button\"><a class=\"wp-block-button__link has-neve-link-color-background-color has-background wp-element-button\" href=\"http:\/\/neoballet.ch\/?page_id=103\">Contact<\/a><\/div>\n<\/div>\n<\/div>\n\n\n\n<div id=\"wp-block-themeisle-blocks-advanced-column-6b6a948a\" class=\"wp-block-themeisle-blocks-advanced-column\">\n<div style=\"height:300px\" aria-hidden=\"true\" class=\"wp-block-spacer\"><\/div>\n<\/div>\n<\/div><\/div>\n\n\n\n<div id=\"wp-block-themeisle-blocks-advanced-columns-aa0ef44c\" class=\"wp-block-themeisle-blocks-advanced-columns has-2-columns has-desktop-equal-layout has-tablet-equal-layout has-mobile-collapsedRows-layout has-vertical-unset has-light-bg\"><div class=\"wp-block-themeisle-blocks-advanced-columns-overlay\"><\/div><div class=\"innerblocks-wrap\">\n<div id=\"wp-block-themeisle-blocks-advanced-column-ece5f334\" class=\"wp-block-themeisle-blocks-advanced-column\">\n<div style=\"height:300px\" aria-hidden=\"true\" class=\"wp-block-spacer\"><\/div>\n<\/div>\n\n\n\n<div id=\"wp-block-themeisle-blocks-advanced-column-c5ca1137\" class=\"wp-block-themeisle-blocks-advanced-column has-light-bg\">\n<h2 class=\"wp-block-heading has-text-align-center\">Gym \/ Stretching<\/h2>\n\n\n\n<div id=\"wp-block-themeisle-blocks-advanced-columns-aa06936f\" class=\"wp-block-themeisle-blocks-advanced-columns has-1-columns has-desktop-equal-layout has-tablet-equal-layout has-mobile-collapsedRows-layout has-vertical-unset\"><div class=\"wp-block-themeisle-blocks-advanced-columns-overlay\"><\/div><div class=\"innerblocks-wrap\">\n<div id=\"wp-block-themeisle-blocks-advanced-column-838d5e07\" class=\"wp-block-themeisle-blocks-advanced-column\">\n<div id=\"wp-block-themeisle-blocks-icon-list-fb2189b1\" class=\"wp-block-themeisle-blocks-icon-list is-style-horizontal\">\n<div id=\"wp-block-themeisle-blocks-icon-list-item-406b519a\" class=\"wp-block-themeisle-blocks-icon-list-item\"><i class=\"far fa-calendar-check wp-block-themeisle-blocks-icon-list-item-icon-custom\"><\/i><p class=\"wp-block-themeisle-blocks-icon-list-item-content\"><strong>2 cours par semaine<\/strong><\/p><\/div>\n\n\n\n<div id=\"wp-block-themeisle-blocks-icon-list-item-62e62cff\" class=\"wp-block-themeisle-blocks-icon-list-item\"><i class=\"fas fa-users wp-block-themeisle-blocks-icon-list-item-icon-custom\"><\/i><p class=\"wp-block-themeisle-blocks-icon-list-item-content\"><strong>Adultes<\/strong><\/p><\/div>\n<\/div>\n<\/div>\n<\/div><\/div>\n\n\n\n<p class=\"has-text-align-center\">1 cours Gym \/ Stretching le vendredi matin, l&#8217;ouverture d&#8217;autres cr\u00e9neaux est possible, contactez nous !<\/p>\n\n\n\n<ul class=\"wp-block-list\">\n<li>Gym Stretching : Vendredi 10:00-11:00<\/li>\n<\/ul>\n\n\n\n<p><\/p>\n\n\n\n<p>A la Carte 10 cours 300 CHF valables 4 mois<\/p>\n\n\n\n<p class=\"has-text-align-center\"><strong>OU<\/strong><\/p>\n\n\n\n<p>Cotisation annuelle (possibilit\u00e9 de paiement en 3 fois) 900 CHF<br><\/p>\n\n\n\n<p><\/p>\n\n\n\n<p>Vacances scolaires ou jours f\u00e9ri\u00e9s vaudois : pas de cours<\/p>\n\n\n\n<div class=\"wp-block-buttons is-horizontal is-content-justification-center is-layout-flex wp-container-core-buttons-is-layout-499968f5 wp-block-buttons-is-layout-flex\">\n<div class=\"wp-block-button\"><a class=\"wp-block-button__link has-neve-link-color-background-color has-background wp-element-button\" href=\"http:\/\/neoballet.ch\/?page_id=103\" rel=\"http:\/\/neoballet.ch\/?page_id=103\">Contact<\/a><\/div>\n<\/div>\n<\/div>\n<\/div><\/div>\n\n\n\n<div class=\"wp-block-group\"><div class=\"wp-block-group__inner-container is-layout-constrained wp-block-group-is-layout-constrained\">\n<div class=\"wp-block-columns alignwide is-layout-flex wp-container-core-columns-is-layout-9d6595d7 wp-block-columns-is-layout-flex\">\n<div class=\"wp-block-column is-layout-flow wp-block-column-is-layout-flow\" style=\"flex-basis:100%\">\n<div class=\"wp-block-columns is-layout-flex wp-container-core-columns-is-layout-9d6595d7 wp-block-columns-is-layout-flex\">\n<div class=\"wp-block-column is-layout-flow wp-block-column-is-layout-flow\" style=\"flex-basis:100%\">\n<figure class=\"wp-block-table has-medium-font-size\"><table class=\"has-nv-dark-bg-color has-nv-light-bg-background-color has-text-color has-background has-link-color has-fixed-layout\"><thead><tr><th class=\"has-text-align-center\" data-align=\"center\">LUNDI<\/th><th class=\"has-text-align-center\" data-align=\"center\">MARDI<\/th><th class=\"has-text-align-center\" data-align=\"center\">MERCREDI<\/th><th class=\"has-text-align-center\" data-align=\"center\">JEUDI<\/th><th class=\"has-text-align-center\" data-align=\"center\">VENDREDI<\/th><\/tr><\/thead><tbody><tr><td class=\"has-text-align-center\" data-align=\"center\"><\/td><td class=\"has-text-align-center\" data-align=\"center\"><\/td><td class=\"has-text-align-center\" data-align=\"center\"><\/td><td class=\"has-text-align-center\" data-align=\"center\"><\/td><td class=\"has-text-align-center\" data-align=\"center\"><strong>10:00 &#8211; 11:00<\/strong><br><strong>Adultes<br><\/strong>Gym \/ Stretching<\/td><\/tr><tr><td class=\"has-text-align-center\" data-align=\"center\"><\/td><td class=\"has-text-align-center\" data-align=\"center\"><\/td><td class=\"has-text-align-center\" data-align=\"center\"><strong>14:40 &#8211; 15:30<br>4-5 ans<\/strong><br>Initiation \u00e0 la danse<\/td><td class=\"has-text-align-center\" data-align=\"center\"><\/td><td class=\"has-text-align-center\" data-align=\"center\"><\/td><\/tr><tr><td class=\"has-text-align-center\" data-align=\"center\"><\/td><td class=\"has-text-align-center\" data-align=\"center\"><\/td><td class=\"has-text-align-center\" data-align=\"center\"><strong>15:30 &#8211; 16:30<br>6-8 ans<\/strong><br>Ballet<\/td><td class=\"has-text-align-center\" data-align=\"center\"><\/td><td class=\"has-text-align-center\" data-align=\"center\"><\/td><\/tr><tr><td class=\"has-text-align-center\" data-align=\"center\"><strong>16:30 &#8211; 17:30<\/strong><br><strong>7-10 ans<\/strong><br>Modern-Jazz<\/td><td class=\"has-text-align-center\" data-align=\"center\"><strong>16:30 &#8211; 17:30<\/strong><br><strong>9-12 ans<\/strong><br>Ballet<\/td><td class=\"has-text-align-center\" data-align=\"center\"><strong>16:30 &#8211; 17:30<br>7-10 ans<\/strong><br>Modern-Jazz<\/td><td class=\"has-text-align-center\" data-align=\"center\"><strong>16:30 &#8211; 17:30<br>6-8 ans<\/strong><br>Modern-Jazz<\/td><td class=\"has-text-align-center\" data-align=\"center\"><\/td><\/tr><tr><td class=\"has-text-align-center\" data-align=\"center\"><strong>17:30 &#8211; 18:30<br>9-12 ans<\/strong><br>Modern-Jazz<\/td><td class=\"has-text-align-center\" data-align=\"center\"><strong>17:30 &#8211; 18:30<br>Ados<\/strong><br>Ballet<\/td><td class=\"has-text-align-center\" data-align=\"center\"><strong>17:30 &#8211; 18:30<br>Ados<\/strong><br>Modern-Jazz<\/td><td class=\"has-text-align-center\" data-align=\"center\"><strong>17:30 &#8211; 18:30<br>Ados<\/strong><br>Modern-Jazz<\/td><td class=\"has-text-align-center\" data-align=\"center\"><\/td><\/tr><tr><td class=\"has-text-align-center\" data-align=\"center\"><br><\/td><td class=\"has-text-align-center\" data-align=\"center\"><strong>18:30 &#8211; 20:00<br>Adultes D\u00e9buttant<\/strong><br>Modern-Jazz<\/td><td class=\"has-text-align-center\" data-align=\"center\"><strong>18:30 &#8211; 20:00<br>Adultes Interm\u00e9diaire<\/strong><br>Modern-Jazz<\/td><td class=\"has-text-align-center\" data-align=\"center\"><strong>18:30 &#8211; 20:00<br>Adultes Avanc\u00e9<\/strong><br>Modern-Jazz<\/td><td class=\"has-text-align-center\" data-align=\"center\"><\/td><\/tr><tr><td class=\"has-text-align-center\" data-align=\"center\"><strong>19:30 &#8211; 21:00<br>Adultes Avanc\u00e9<\/strong><br>Modern-Jazz<\/td><td class=\"has-text-align-center\" data-align=\"center\"><\/td><td class=\"has-text-align-center\" data-align=\"center\"><\/td><td class=\"has-text-align-center\" data-align=\"center\"><\/td><td class=\"has-text-align-center\" data-align=\"center\"><\/td><\/tr><\/tbody><\/table><figcaption class=\"wp-element-caption\"><sup><em>Possibilit\u00e9 de cr\u00e9ation de nouveaux cr\u00e9neaux, contactez-nous <\/em><\/sup><\/figcaption><\/figure>\n\n\n\n<figure class=\"wp-block-table\"><table><thead><tr><th class=\"has-text-align-center\" data-align=\"center\">LUNDI<\/th><\/tr><\/thead><tbody><tr><td class=\"has-text-align-center\" data-align=\"center\"><strong>16:30 &#8211; 17:30<\/strong> 7-10 ans Modern-Jazz<\/td><\/tr><tr><td class=\"has-text-align-center\" data-align=\"center\"><strong>17:30 &#8211; 18:30<\/strong> 9-12 ans Modern-Jazz<\/td><\/tr><tr><td class=\"has-text-align-center\" data-align=\"center\"><\/td><\/tr><tr><td class=\"has-text-align-center\" data-align=\"center\"><strong>19:30 &#8211; 21:00 <\/strong>Adultes Avanc\u00e9 &#8211; Modern-Jazz<\/td><\/tr><\/tbody><\/table><\/figure>\n\n\n\n<figure class=\"wp-block-table\"><table><thead><tr><th class=\"has-text-align-center\" data-align=\"center\">MARDI<\/th><\/tr><\/thead><tbody><tr><td class=\"has-text-align-center\" data-align=\"center\"><strong>16:30 &#8211; 17:30<\/strong> 9-12 ans Ballet<\/td><\/tr><tr><td class=\"has-text-align-center\" data-align=\"center\"><strong>17:30 &#8211; 18:30 <\/strong>Ados Ballet<\/td><\/tr><tr><td class=\"has-text-align-center\" data-align=\"center\"><strong>18:30 &#8211; 20:00 <\/strong>Adultes D\u00e9buttant Modern-Jazz<\/td><\/tr><\/tbody><\/table><\/figure>\n\n\n\n<figure class=\"wp-block-table\"><table><thead><tr><th class=\"has-text-align-center\" data-align=\"center\">MERCREDI<\/th><\/tr><\/thead><tbody><tr><td class=\"has-text-align-center\" data-align=\"center\"><strong>14:40 &#8211; 15:30 <\/strong>4-5 ans Initiation \u00e0 la danse<\/td><\/tr><tr><td class=\"has-text-align-center\" data-align=\"center\"><strong>15:30 &#8211; 16:30 <\/strong>6-8 ans Ballet<\/td><\/tr><tr><td class=\"has-text-align-center\" data-align=\"center\"><strong>16:30 &#8211; 17:30 <\/strong>7-10 ans Modern-Jazz<\/td><\/tr><tr><td class=\"has-text-align-center\" data-align=\"center\"><strong>17:30 &#8211; 18:30 <\/strong>Ados Modern-Jazz<\/td><\/tr><tr><td class=\"has-text-align-center\" data-align=\"center\"><strong>18:30 &#8211; 20:00 <\/strong>Adultes Interm\u00e9diaire Modern-Jazz<\/td><\/tr><\/tbody><\/table><\/figure>\n\n\n\n<figure class=\"wp-block-table\"><table><thead><tr><th class=\"has-text-align-center\" data-align=\"center\">JEUDI<\/th><\/tr><\/thead><tbody><tr><td class=\"has-text-align-center\" data-align=\"center\"><strong>16:30 &#8211; 17:30 <\/strong>6-8 ans Modern-Jazz<\/td><\/tr><tr><td class=\"has-text-align-center\" data-align=\"center\"><strong>17:30 &#8211; 18:30 <\/strong>Ados Modern-Jazz<\/td><\/tr><tr><td class=\"has-text-align-center\" data-align=\"center\"><strong>18:30 &#8211; 20:00 <\/strong>Adultes Avanc\u00e9 &#8211; Modern-Jazz<\/td><\/tr><\/tbody><\/table><\/figure>\n\n\n\n<figure class=\"wp-block-table\"><table><thead><tr><th class=\"has-text-align-center\" data-align=\"center\">VENDREDI<\/th><\/tr><\/thead><tbody><tr><td class=\"has-text-align-center\" data-align=\"center\"><strong>10:00 &#8211; 11:00<\/strong> Adultes Gym \/ Stretching<\/td><\/tr><\/tbody><\/table><figcaption class=\"wp-element-caption\"><sup><em>Possibilit\u00e9 de cr\u00e9ation de nouveaux cr\u00e9neaux, contactez-nous <\/em><\/sup><\/figcaption><\/figure>\n<\/div>\n<\/div>\n<\/div>\n<\/div>\n<\/div><\/div>\n","protected":false},"excerpt":{"rendered":"","protected":false},"author":1,"featured_media":0,"parent":0,"menu_order":0,"comment_status":"closed","ping_status":"closed","template":"page-templates\/template-pagebuilder-full-width.php","meta":{"neve_meta_sidebar":"full-width","neve_meta_container":"","neve_meta_enable_content_width":"on","neve_meta_content_width":100,"neve_meta_title_alignment":"","neve_meta_author_avatar":"","neve_post_elements_order":"","neve_meta_disable_header":"","neve_meta_disable_footer":"","neve_meta_disable_title":"on","_themeisle_gutenberg_block_has_review":false,"footnotes":""},"class_list":["post-109","page","type-page","status-publish","hentry"],"_links":{"self":[{"href":"https:\/\/neoballet.ch\/index.php?rest_route=\/wp\/v2\/pages\/109","targetHints":{"allow":["GET"]}}],"collection":[{"href":"https:\/\/neoballet.ch\/index.php?rest_route=\/wp\/v2\/pages"}],"about":[{"href":"https:\/\/neoballet.ch\/index.php?rest_route=\/wp\/v2\/types\/page"}],"author":[{"embeddable":true,"href":"https:\/\/neoballet.ch\/index.php?rest_route=\/wp\/v2\/users\/1"}],"replies":[{"embeddable":true,"href":"https:\/\/neoballet.ch\/index.php?rest_route=%2Fwp%2Fv2%2Fcomments&post=109"}],"version-history":[{"count":35,"href":"https:\/\/neoballet.ch\/index.php?rest_route=\/wp\/v2\/pages\/109\/revisions"}],"predecessor-version":[{"id":433,"href":"https:\/\/neoballet.ch\/index.php?rest_route=\/wp\/v2\/pages\/109\/revisions\/433"}],"wp:attachment":[{"href":"https:\/\/neoballet.ch\/index.php?rest_route=%2Fwp%2Fv2%2Fmedia&parent=109"}],"curies":[{"name":"wp","href":"https:\/\/api.w.org\/{rel}","templated":true}]}}